{"id":284200,"date":"2023-12-06T16:10:14","date_gmt":"2023-12-06T15:10:14","guid":{"rendered":"https:\/\/www.focolare.org\/causa-de-canonizacion\/"},"modified":"2024-06-19T10:04:21","modified_gmt":"2024-06-19T08:04:21","slug":"causa-de-canonizacion","status":"publish","type":"page","link":"https:\/\/www.focolare.org\/es\/causa-de-canonizacion\/","title":{"rendered":"Causa de canonizaci\u00f3n"},"content":{"rendered":"<p>[et_pb_section fb_built=\u00bb1&#8243; custom_padding_last_edited=\u00bbon|phone\u00bb _builder_version=\u00bb4.23.1&#8243; _module_preset=\u00bbdefault\u00bb background_enable_color=\u00bboff\u00bb background_image=\u00bbhttps:\/\/www.focolare.org\/wp-content\/uploads\/2023\/12\/Causa-beatificazione2-1.jpg\u00bb width=\u00bb100%\u00bb max_width=\u00bb100%\u00bb min_height=\u00bb600px\u00bb min_height_tablet=\u00bb600px\u00bb min_height_phone=\u00bb600px\u00bb min_height_last_edited=\u00bbon|phone\u00bb height=\u00bb600px\u00bb height_tablet=\u00bb600px\u00bb height_phone=\u00bb600px\u00bb height_last_edited=\u00bbon|phone\u00bb max_height=\u00bb600px\u00bb custom_margin=\u00bb0px||0px||false|false\u00bb custom_margin_tablet=\u00bb0px||0px||false|false\u00bb custom_margin_phone=\u00bb||0px||false|false\u00bb custom_margin_last_edited=\u00bbon|phone\u00bb custom_padding=\u00bb0px||0px||true|false\u00bb custom_padding_tablet=\u00bb10%||10%||true|false\u00bb custom_padding_phone=\u00bb20%||20%||true|false\u00bb bottom_divider_color=\u00bb#3FA3D6&#8243; bottom_divider_repeat=\u00bb1x\u00bb bottom_divider_flip=\u00bbhorizontal\u00bb locked=\u00bboff\u00bb global_colors_info=\u00bb{}\u00bb][et_pb_row _builder_version=\u00bb4.21.0&#8243; _module_preset=\u00bbdefault\u00bb global_colors_info=\u00bb{}\u00bb][et_pb_column type=\u00bb4_4&#8243; _builder_version=\u00bb4.21.0&#8243; _module_preset=\u00bbdefault\u00bb global_colors_info=\u00bb{}\u00bb][\/et_pb_column][\/et_pb_row][\/et_pb_section][et_pb_section fb_built=\u00bb1&#8243; custom_padding_last_edited=\u00bbon|phone\u00bb _builder_version=\u00bb4.21.0&#8243; _module_preset=\u00bbdefault\u00bb custom_margin=\u00bb||||false|false\u00bb custom_padding=\u00bb||3%||false|false\u00bb custom_padding_tablet=\u00bb||4%||false|false\u00bb custom_padding_phone=\u00bb||20%||false|false\u00bb top_divider_style=\u00bbramp\u00bb top_divider_color=\u00bb#3FA3D6&#8243; top_divider_height=\u00bb150px\u00bb top_divider_repeat=\u00bb1x\u00bb top_divider_flip=\u00bbhorizontal\u00bb bottom_divider_style=\u00bbramp\u00bb bottom_divider_color=\u00bb#FFB300&#8243; bottom_divider_height=\u00bb150px\u00bb bottom_divider_repeat=\u00bb1x\u00bb bottom_divider_flip=\u00bbhorizontal\u00bb locked=\u00bboff\u00bb global_colors_info=\u00bb{}\u00bb][et_pb_row _builder_version=\u00bb4.21.0&#8243; _module_preset=\u00bbdefault\u00bb custom_margin=\u00bb0px||0px||false|false\u00bb custom_margin_tablet=\u00bb0px||0px||false|false\u00bb custom_margin_phone=\u00bb-5%||||false|false\u00bb custom_margin_last_edited=\u00bbon|phone\u00bb custom_padding=\u00bb0px||0px||false|false\u00bb global_colors_info=\u00bb{}\u00bb][et_pb_column type=\u00bb4_4&#8243; _builder_version=\u00bb4.21.0&#8243; _module_preset=\u00bbdefault\u00bb global_colors_info=\u00bb{}\u00bb][et_pb_text _builder_version=\u00bb4.23.1&#8243; _module_preset=\u00bbdefault\u00bb header_font=\u00bb|600|||||||\u00bb header_text_align=\u00bbcenter\u00bb header_text_color=\u00bb#FFFFFF\u00bb header_font_size=\u00bb40px\u00bb custom_margin=\u00bb||3%||false|false\u00bb custom_margin_tablet=\u00bb||0px||false|false\u00bb custom_margin_phone=\u00bb||||false|false\u00bb custom_margin_last_edited=\u00bbon|phone\u00bb custom_padding=\u00bb||||false|false\u00bb global_colors_info=\u00bb{}\u00bb]<\/p>\n<h1>Causa de canonizaci\u00f3n<\/h1>\n<p>[\/et_pb_text][\/et_pb_column][\/et_pb_row][\/et_pb_section][et_pb_section fb_built=\u00bb1&#8243; _builder_version=\u00bb4.20.2&#8243; _module_preset=\u00bbdefault\u00bb global_colors_info=\u00bb{}\u00bb][et_pb_row column_structure=\u00bb1_2,1_2&#8243; use_custom_gutter=\u00bbon\u00bb _builder_version=\u00bb4.20.2&#8243; _module_preset=\u00bbdefault\u00bb max_width=\u00bb80%\u00bb global_colors_info=\u00bb{}\u00bb][et_pb_column type=\u00bb1_2&#8243; _builder_version=\u00bb4.20.2&#8243; _module_preset=\u00bbdefault\u00bb global_colors_info=\u00bb{}\u00bb][et_pb_text quote_border_color=\u00bb#FFB300&#8243; _builder_version=\u00bb4.23.1&#8243; _module_preset=\u00bbdefault\u00bb quote_text_color=\u00bb#3FA3D6&#8243; global_colors_info=\u00bb{}\u00bb]<\/p>\n<h3><b>Testimonio de fe y de amor<\/b><\/h3>\n<p><b> <\/b><span style=\"font-weight: 400;\">En la Iglesia cat\u00f3lica es costumbre presentar a sus fieles, como est\u00edmulo de vida cristiana, personas que se han distinguido por un particular testimonio de fe y de amor hacia Dios y hacia todos. Esto se produce tras un proceso de verificaci\u00f3n can\u00f3nica, que examina tambi\u00e9n el patrimonio de vida, de pensamiento y de acci\u00f3n de la persona, y que no puede iniciarse antes de los cinco a\u00f1os de su muerte.<\/span><\/p>\n<p class=\"qowt-stl-Titolo1\"><b>Pensando en Chiara Lubich (1920-2008) y a su legado, personas corrientes y autorizadas <\/b><span style=\"font-weight: 400;\">a pesar de la diversidad de sus respectivas visiones &#8211; expresaron la esperanza de que a ella tambi\u00e9n pudiera sucederle lo mismo. Un reconocimiento destinado a animar a muchos a promover un compromiso moral y espiritual por el bien de la humanidad. Un est\u00edmulo a hacer propio el deseo, reiteradamente expresado por Chiara, de santificarnos juntos, de proponer a la Iglesia no s\u00f3lo la santidad de una persona, sino tambi\u00e9n la del pueblo. En este esp\u00edritu, la presidenta del Movimiento de los Focolares, Maria Voce, anunci\u00f3 el <\/span><a href=\"https:\/\/www.focolare.org\/news\/2013\/12\/07\/chiara-lubich-testimone-della-fede-2\/\"><span style=\"font-weight: 400;\">7 de diciembre de 2013<\/span><\/a><span style=\"font-weight: 400;\">la decisi\u00f3n de solicitar la apertura de la causa de beatificaci\u00f3n de Chiara Lubich.<\/span><\/p>\n<p class=\"qowt-stl-Titolo1\"><span style=\"font-weight: 400;\">Despu\u00e9s de un a\u00f1o de cumplimiento de los actos can\u00f3nicos necesarios para el inicio de la causa<\/span><b>,<\/b><span style=\"font-weight: 400;\"> el obispo de Frascati, monse\u00f1or Raffaello Martinelli, abri\u00f3 solemnemente la \u201cCausa de beatificaci\u00f3n y canonizaci\u00f3n de la Sierva de Dios Chiara Lubich\u201d en la Catedral de Frascati el 27 de enero 2015. En una carta escrita para la ocasi\u00f3n, el papa Francisco insta a \u201cdar a conocer al pueblo de Dios la vida y las obras de aquella que, aceptando la invitaci\u00f3n del Se\u00f1or, encendi\u00f3 para la Iglesia una nueva luz en el camino hacia la unidad\u201d  <\/span><i><span style=\"font-weight: 400;\">(<\/span><\/i><a href=\"https:\/\/www.focolare.org\/press\/files\/2015\/01\/20150127ChiaraLubich_messaggioPapaFrancesco_firmatoParolin.pdf\"><i><span style=\"font-weight: 400;\">Carta de Papa Francisco<\/span><\/i><\/a><i><span style=\"font-weight: 400;\">).<\/span><\/i><span style=\"font-weight: 400;\"><\/span><\/p>\n<p>[\/et_pb_text][et_pb_image src=\u00bbhttps:\/\/www.focolare.org\/wp-content\/uploads\/2023\/12\/fpreghiera_chiara_lubich.png\u00bb title_text=\u00bbfpreghiera_chiara_lubich\u00bb _builder_version=\u00bb4.23.1&#8243; _module_preset=\u00bbdefault\u00bb global_colors_info=\u00bb{}\u00bb][\/et_pb_image][et_pb_text quote_border_color=\u00bb#FFB300&#8243; _builder_version=\u00bb4.25.2&#8243; _module_preset=\u00bbdefault\u00bb quote_text_color=\u00bb#3FA3D6&#8243; hover_enabled=\u00bb0&#8243; global_colors_info=\u00bb{}\u00bb sticky_enabled=\u00bb0&#8243;]<\/p>\n<p class=\"qowt-stl-Titolo1\"><span style=\"font-weight: 400;\">La fase diocesana de la investigaci\u00f3n, que implica un intenso trabajo, concluy\u00f3 el 10 de noviembre de 2019 durante una celebraci\u00f3n solemne presidida por el obispo en la catedral de Frascati. <\/span><span style=\"font-weight: 400;\"><\/span><span style=\"font-weight: 400;\"><\/span><span style=\"font-weight: 400;\"><\/span><\/p>\n<p><span style=\"font-weight: 400;\">En aquella ocasi\u00f3n<\/span><span style=\"font-weight: 400;\">Maria Voce, entonces presidenta del Movimiento de los Focolares, concluy\u00f3 su agradecimiento y saludo de la siguiente manera: <\/span> <\/p>\n<blockquote>\n<p><span style=\"font-weight: 400;\">\u201cNuestro \u00fanico deseo ahora es ofrecer a la Iglesia, a trav\u00e9s de esta amplia documentaci\u00f3n, el regalo que Chiara fue para nosotros y para muchas personas. Acogiendo coherentemente el carisma que Dios le daba, d\u00eda tras d\u00eda, caminando y tendiendo a la plenitud de la vida cristiana y a la perfecci\u00f3n de la caridad, Chiara se esforz\u00f3 para que este camino de vida evang\u00e9lica fuera seguido por muchos, en una actitud siempre renovada de ayudar a quienes encontraba a poner a Dios en primer lugar y a \u201chacerse santos juntos\u201d. Su mirada y su coraz\u00f3n, como ahora se demuestra, estaban movidos por un amor universal, capaz de abrazar a todos los hombres m\u00e1s all\u00e1 de todas las diferencias, siempre con el objetivo de realizar el testamento de Jes\u00fas: <\/span><i><span style=\"font-weight: 400;\">Ut omnes unum sint\u201d.<\/span><\/i><span style=\"font-weight: 400;\"> <\/span><\/p>\n<\/blockquote>\n<p>[\/et_pb_text][\/et_pb_column][et_pb_column type=\u00bb1_2&#8243; _builder_version=\u00bb4.20.2&#8243; _module_preset=\u00bbdefault\u00bb global_colors_info=\u00bb{}\u00bb][et_pb_text quote_border_color=\u00bb#FFB300&#8243; _builder_version=\u00bb4.23.1&#8243; _module_preset=\u00bbdefault\u00bb quote_text_color=\u00bb#3FA3D6&#8243; global_colors_info=\u00bb{}\u00bb]<\/p>\n<p><span style=\"font-weight: 400;\">Toda la informaci\u00f3n recogida fue entregada oficialmente a la Iglesia, a trav\u00e9s <\/span><span style=\"font-weight: 400;\">del Dicasterio para las Causas de los Santos, con el que colabora con compromiso y dedicaci\u00f3n la Postulaci\u00f3n, que<\/span><span style=\"font-weight: 400;\">ahora contin\u00faa el estudio y evaluaci\u00f3n de lo recogido.<\/span><\/p>\n<p class=\"qowt-stl-Titolo1\"><span style=\"font-weight: 400;\">Particularmente importante es el apoyo de las oraciones de quienes piden la ayuda del Esp\u00edritu Santo para este trabajo. Es entonces fundamental pedir con confianza a Dios, por intercesi\u00f3n del Siervo o Sierva de Dios, aquellas ayudas y gracias que s\u00f3lo \u00c9l puede conceder, precisamente porque son imposibles de lograr s\u00f3lo con las capacidades humanas. <\/span><\/p>\n<p><span style=\"font-weight: 400;\">Tambi\u00e9n son importantes la informaci\u00f3n de tales intervenciones de gracia, que ofrecen a la Iglesia la posibilidad de reconocer m\u00e1s claramente la presencia de las condiciones que le permiten declarar beatos y santos a los siervos de Dios.<\/span><\/p>\n<p class=\"qowt-stl-Titolo1\"><span style=\"font-weight: 400;\">Actualmente en el Movimiento de los Focolares se est\u00e1n llevando a cabo 29 causas de beatificaci\u00f3n y canonizaci\u00f3n, entre ellas la beata Chiara Luce Badano y siete Venerables Siervos de Dios.<\/span><\/p>\n<p class=\"qowt-stl-Titolo1\"><span style=\"font-weight: 400;\">El Dicasterio para las Causas de los Santos, siempre particularmente atento y diligente en acompa\u00f1ar y apoyar el trabajo de las diversas Postulaciones, ha establecido, a partir de 2022, congresos anuales dedicados a la actualizaci\u00f3n y formaci\u00f3n de quienes trabajan en las causas de beatificaci\u00f3n y canonizaci\u00f3n. <\/span><\/p>\n<p class=\"qowt-stl-Titolo1\"><span style=\"font-weight: 400;\">El cardenal Marcello Semeraro, Prefecto del Dicasterio, al concluir el  <\/span><span style=\"font-weight: 400;\">congreso de 2022 <\/span><span style=\"font-weight: 400;\">\u201cLa santidad hoy\u201d, <\/span><span style=\"font-weight: 400;\"> propuso una imagen muy eficaz para expresar el valor de la santidad en la Iglesia y tambi\u00e9n el significado del trabajo intenso y apasionado de quienes se dedican a su estudio, para darla a conocer como un tesoro precioso de la humanidad. <\/span> <\/p>\n<blockquote>\n<p class=\"qowt-stl-Titolo1\"><span style=\"font-weight: 400;\">\u201cLa santidad es como un r\u00edo subterr\u00e1neo que, si bien alimenta siempre a la Iglesia, en algunos lugares \u2013 y son las vidas de los santos canonizados \u2013 emerge y mana como una fuente. La mayor\u00eda de las veces, por supuesto, es necesario que haya alguien disponible para cavar el pozo&#8230; y \u00e9sta es, en cierta medida, la labor de nuestro Dicasterio: desde el inicio en las Iglesias particulares hasta el trabajo de los postuladores y postuladoras, de los distintos Consultores, de los Cardenales y Obispos en el Ordinario del Dicasterio, hasta la decisi\u00f3n del Sucesor de Pedro. \u00a1Cavar el pozo del que mana el agua subterr\u00e1nea escondida!\u201d.<\/span><\/p>\n<\/blockquote>\n<p>[\/et_pb_text][difl_dual_button btn_left_background_bgcolor=\u00bb#FFB300&#8243; btn_left_font_icon=\u00bb&#xe092;||divi||400&#8243; btn_left_icon_color=\u00bb#FFFFFF\u00bb btn_right_background_bgcolor=\u00bb#3FA3D6&#8243; btn_right_font_icon=\u00bb&#xe092;||divi||400&#8243; btn_right_icon_color=\u00bb#FFFFFF\u00bb left_button=\u00bbDescarga la Oraci\u00f3n de Intersecci\u00f3n\u00bb left_button_url=\u00bbhttps:\/\/www.focolare.org\/wp-content\/uploads\/2023\/12\/Chiara-Lubich_preghiera-di-intercessione-IT.pdf\u00bb left_button_target=\u00bbon\u00bb button_separator=\u00bbon\u00bb separator_text=\u00bbo\u00bb alignment=\u00bbleft\u00bb _builder_version=\u00bb4.23.1&#8243; _module_preset=\u00bbdefault\u00bb left_button_text_color=\u00bb#FFFFFF\u00bb left_button_font_size=\u00bb16px\u00bb right_button_text_color=\u00bb#FFFFFF\u00bb right_button_font_size=\u00bb16px\u00bb separator_font=\u00bb|600|||||||\u00bb separator_text_color=\u00bb#FFFFFF\u00bb border_radii_left_button=\u00bbon|7px|7px|7px|7px\u00bb border_radii_right_button=\u00bbon|7px|7px|7px|7px\u00bb border_width_all_separator=\u00bb10px\u00bb border_color_all_separator=\u00bb#FFFFFF\u00bb global_colors_info=\u00bb{}\u00bb btn_left_background_bgcolor__hover_enabled=\u00bbon|hover\u00bb btn_right_background_bgcolor__hover_enabled=\u00bbon|hover\u00bb btn_right_background_bgcolor__hover=\u00bb#FFB300&#8243; btn_left_background_bgcolor__hover=\u00bb#3FA3D6&#8243; border_color_all_separator__hover_enabled=\u00bbon|desktop\u00bb border_color_all_separator__hover=\u00bb#FFFFFF\u00bb][\/difl_dual_button][et_pb_text quote_border_color=\u00bb#FFB300&#8243; _builder_version=\u00bb4.23.1&#8243; _module_preset=\u00bbdefault\u00bb quote_text_color=\u00bb#3FA3D6&#8243; custom_padding=\u00bb3%||||false|false\u00bb border_color_all=\u00bb#3FA3D6&#8243; border_width_top=\u00bb1px\u00bb global_colors_info=\u00bb{}\u00bb]<\/p>\n<h3><strong>Para informaci\u00f3n, solicitudes y comunicaciones contactar con:<\/strong><\/h3>\n<p>Movimento dei Focolari \u2013 Postulazione Chiara (Silvia) Lubich<br \/>Via Frascati, 306 \u2013 00040 Rocca di Papa (RM) \u2013 Italia<br \/><strong>Email<\/strong>: postulazionechiaralubich@focolare.org<br \/><strong>Tel<\/strong>. (+39) 06 \u2013 94798139<br \/><strong>Cell.<\/strong>  (+39) 389 343 9529<\/p>\n<h3><strong>Modalidad para las DONACIONES<\/strong><\/h3>\n<p>Se puede efectuar un dep\u00f3sito en la cuenta corriente <strong> COMITATO POSTULAZIONE CHIARA (SILVIA) LUBICH<\/strong><strong><\/strong><\/p>\n<ul>\n<li><strong>c\/c bancario n.<\/strong>  000103229501<\/li>\n<li><strong>IBAN Code:<\/strong> IT 42 Q 02008 39103 000103229501<\/li>\n<li><strong>C\u00f3digo SWIFT\/BIC:<\/strong> UNCRTM1383<\/li>\n<\/ul>\n<p><strong>Banca Unicredit<\/strong> \u2013 Agenzia di Frascati \u2013 Piazza Mazzini 18, 00044 Frascati (RM)<\/p>\n<p>[\/et_pb_text][\/et_pb_column][\/et_pb_row][\/et_pb_section]<\/p>\n","protected":false},"excerpt":{"rendered":"<p>Causa de canonizaci\u00f3nTestimonio de fe y de amor En la Iglesia cat\u00f3lica es costumbre presentar a sus fieles, como est\u00edmulo de vida cristiana, personas que se han distinguido por un particular testimonio de fe y de amor hacia Dios y hacia todos. Esto se produce tras un proceso de verificaci\u00f3n can\u00f3nica, que examina tambi\u00e9n el [&hellip;]<\/p>\n","protected":false},"author":1,"featured_media":0,"parent":0,"menu_order":0,"comment_status":"closed","ping_status":"closed","template":"","meta":{"give_campaign_id":0,"_seopress_robots_primary_cat":"","_seopress_titles_title":"","_seopress_titles_desc":"","_seopress_robots_index":"","_et_pb_use_builder":"on","_et_pb_old_content":"","_et_gb_content_width":"","footnotes":""},"difl_page_category":[],"class_list":["post-284200","page","type-page","status-publish","hentry"],"campaignId":"","_links":{"self":[{"href":"https:\/\/www.focolare.org\/es\/wp-json\/wp\/v2\/pages\/284200","targetHints":{"allow":["GET"]}}],"collection":[{"href":"https:\/\/www.focolare.org\/es\/wp-json\/wp\/v2\/pages"}],"about":[{"href":"https:\/\/www.focolare.org\/es\/wp-json\/wp\/v2\/types\/page"}],"author":[{"embeddable":true,"href":"https:\/\/www.focolare.org\/es\/wp-json\/wp\/v2\/users\/1"}],"replies":[{"embeddable":true,"href":"https:\/\/www.focolare.org\/es\/wp-json\/wp\/v2\/comments?post=284200"}],"version-history":[{"count":0,"href":"https:\/\/www.focolare.org\/es\/wp-json\/wp\/v2\/pages\/284200\/revisions"}],"wp:attachment":[{"href":"https:\/\/www.focolare.org\/es\/wp-json\/wp\/v2\/media?parent=284200"}],"wp:term":[{"taxonomy":"difl_page_category","embeddable":true,"href":"https:\/\/www.focolare.org\/es\/wp-json\/wp\/v2\/difl_page_category?post=284200"}],"curies":[{"name":"wp","href":"https:\/\/api.w.org\/{rel}","templated":true}]}}